{"id":1552,"date":"2021-06-12T10:14:58","date_gmt":"2021-06-12T10:14:58","guid":{"rendered":"http:\/\/www.ervadaninha.pt\/trengo.pt\/?page_id=1552"},"modified":"2022-02-04T11:49:31","modified_gmt":"2022-02-04T11:49:31","slug":"2021-2","status":"publish","type":"page","link":"https:\/\/www.ervadaninha.pt\/trengo.pt\/2021-2\/","title":{"rendered":"2021"},"content":{"rendered":"\n<div class=\"wp-block-image\"><figure class=\"aligncenter size-large is-resized\"><a href=\"http:\/\/www.ervadaninha.pt\/trengo.pt\/wp-content\/uploads\/2021\/06\/Trengo_Resumo_net-scaled.jpg\"><img loading=\"lazy\" decoding=\"async\" src=\"http:\/\/www.ervadaninha.pt\/trengo.pt\/wp-content\/uploads\/2021\/06\/Trengo_Resumo_net-702x1024.jpg\" alt=\"\" class=\"wp-image-1581\" width=\"580\" height=\"846\" srcset=\"https:\/\/www.ervadaninha.pt\/trengo.pt\/wp-content\/uploads\/2021\/06\/Trengo_Resumo_net-702x1024.jpg 702w, https:\/\/www.ervadaninha.pt\/trengo.pt\/wp-content\/uploads\/2021\/06\/Trengo_Resumo_net-206x300.jpg 206w, https:\/\/www.ervadaninha.pt\/trengo.pt\/wp-content\/uploads\/2021\/06\/Trengo_Resumo_net-768x1120.jpg 768w, https:\/\/www.ervadaninha.pt\/trengo.pt\/wp-content\/uploads\/2021\/06\/Trengo_Resumo_net-1053x1536.jpg 1053w, https:\/\/www.ervadaninha.pt\/trengo.pt\/wp-content\/uploads\/2021\/06\/Trengo_Resumo_net-1404x2048.jpg 1404w, https:\/\/www.ervadaninha.pt\/trengo.pt\/wp-content\/uploads\/2021\/06\/Trengo_Resumo_net-16x24.jpg 16w, https:\/\/www.ervadaninha.pt\/trengo.pt\/wp-content\/uploads\/2021\/06\/Trengo_Resumo_net-25x36.jpg 25w, https:\/\/www.ervadaninha.pt\/trengo.pt\/wp-content\/uploads\/2021\/06\/Trengo_Resumo_net-33x48.jpg 33w, https:\/\/www.ervadaninha.pt\/trengo.pt\/wp-content\/uploads\/2021\/06\/Trengo_Resumo_net-scaled.jpg 1755w\" sizes=\"auto, (max-width: 580px) 100vw, 580px\" \/><\/a><\/figure><\/div>\n\n\n\n<p><strong>RECANTOS<\/strong> <\/p>\n\n\n\n<p>Produ\u00e7\u00e3o Trengo [PT\/CL\/CV] estreia<\/p>\n\n\n\n<div class=\"wp-block-image\"><figure class=\"alignright size-large is-resized\"><img loading=\"lazy\" decoding=\"async\" src=\"http:\/\/www.ervadaninha.pt\/trengo.pt\/wp-content\/uploads\/2021\/06\/20210521_105355-768x1024.jpg\" alt=\"\" class=\"wp-image-1538\" width=\"310\" height=\"413\" srcset=\"https:\/\/www.ervadaninha.pt\/trengo.pt\/wp-content\/uploads\/2021\/06\/20210521_105355-768x1025.jpg 768w, https:\/\/www.ervadaninha.pt\/trengo.pt\/wp-content\/uploads\/2021\/06\/20210521_105355-225x300.jpg 225w, https:\/\/www.ervadaninha.pt\/trengo.pt\/wp-content\/uploads\/2021\/06\/20210521_105355-1151x1536.jpg 1151w, https:\/\/www.ervadaninha.pt\/trengo.pt\/wp-content\/uploads\/2021\/06\/20210521_105355-800x1067.jpg 800w, https:\/\/www.ervadaninha.pt\/trengo.pt\/wp-content\/uploads\/2021\/06\/20210521_105355-18x24.jpg 18w, https:\/\/www.ervadaninha.pt\/trengo.pt\/wp-content\/uploads\/2021\/06\/20210521_105355-27x36.jpg 27w, https:\/\/www.ervadaninha.pt\/trengo.pt\/wp-content\/uploads\/2021\/06\/20210521_105355-36x48.jpg 36w, https:\/\/www.ervadaninha.pt\/trengo.pt\/wp-content\/uploads\/2021\/06\/20210521_105355.jpg 1185w\" sizes=\"auto, (max-width: 310px) 100vw, 310px\" \/><\/figure><\/div>\n\n\n\n<p>Seg 28.06 19h |Ter 29.06 19h15 | 35\u2019 | M3 | Parque Covelo<\/p>\n\n\n\n<p>Cria\u00e7\u00e3o com artistas de circo da\nregi\u00e3o. Uma revisita\u00e7\u00e3o do espa\u00e7o e das suas paisagens buscando uma nova\ninterpreta\u00e7\u00e3o dos elementos presentes no espa\u00e7o. Lugares ic\u00f3nicos e momentos\nvirtuosistas. Uma fus\u00e3o entre a arquitetura do espa\u00e7o, a paisagem e a\u00e7\u00e3o performativa\natrav\u00e9s das t\u00e9cnicas de circo. Um espet\u00e1culo dividido em diferentes momentos\nonde o p\u00fablico pode disfrutar de v\u00e1rias t\u00e9cnicas de circo numa sequ\u00eancia\npict\u00f3rica. <\/p>\n\n\n\n<p>Ficha Art\u00edstica: Dire\u00e7\u00e3o Art\u00edstica DANIEL SEABRA E VASCO GOMES |Interpreta\u00e7\u00e3o GASPAR RIBEIRO, JORGE SANTOS &amp; FELIPE CONTRERAS, MAFALDA GON\u00c7ALVES, MARGARIDA MONTENY |Produ\u00e7\u00e3o TRENGO<\/p>\n\n\n\n<p><\/p>\n\n\n\n<hr class=\"wp-block-separator\"\/>\n\n\n\n<p><strong>LA MADEJA<\/strong><\/p>\n\n\n\n<p>Irene de Paz [ES]<\/p>\n\n\n\n<p>Ter 29.06 18h30 | Qua 30.06 18h30 | 30\u2019 | M3 | Parque Covelo<\/p>\n\n\n\n<p>La Madeja \u00e9 um solo de equil\u00edbrio\nem arame em torno da arte da tecelagem. Uma proposta delicada sobre a aceita\u00e7\u00e3o\ndo enredamento como parte de n\u00f3s, na qual nos \u00e9 mostrado que a vida tem muitos\nfios para puxar. A capacidade de avan\u00e7ar com os p\u00e9s amarrados, de dan\u00e7ar com\ndificuldade, de rir at\u00e9 ao choro. A aceita\u00e7\u00e3o do emaranhado como forma de vida.<\/p>\n\n\n\n<div class=\"wp-block-image\"><figure class=\"aligncenter size-full is-resized\"><img loading=\"lazy\" decoding=\"async\" src=\"http:\/\/www.ervadaninha.pt\/trengo.pt\/wp-content\/uploads\/2021\/06\/Madeja_1-scaled.jpg\" alt=\"\" class=\"wp-image-1523\" width=\"477\" height=\"317\" srcset=\"https:\/\/www.ervadaninha.pt\/trengo.pt\/wp-content\/uploads\/2021\/06\/Madeja_1-scaled.jpg 2560w, https:\/\/www.ervadaninha.pt\/trengo.pt\/wp-content\/uploads\/2021\/06\/Madeja_1-300x200.jpg 300w, https:\/\/www.ervadaninha.pt\/trengo.pt\/wp-content\/uploads\/2021\/06\/Madeja_1-1024x683.jpg 1024w, https:\/\/www.ervadaninha.pt\/trengo.pt\/wp-content\/uploads\/2021\/06\/Madeja_1-768x512.jpg 768w, https:\/\/www.ervadaninha.pt\/trengo.pt\/wp-content\/uploads\/2021\/06\/Madeja_1-1536x1024.jpg 1536w, https:\/\/www.ervadaninha.pt\/trengo.pt\/wp-content\/uploads\/2021\/06\/Madeja_1-2048x1365.jpg 2048w, https:\/\/www.ervadaninha.pt\/trengo.pt\/wp-content\/uploads\/2021\/06\/Madeja_1-24x16.jpg 24w, https:\/\/www.ervadaninha.pt\/trengo.pt\/wp-content\/uploads\/2021\/06\/Madeja_1-36x24.jpg 36w, https:\/\/www.ervadaninha.pt\/trengo.pt\/wp-content\/uploads\/2021\/06\/Madeja_1-48x32.jpg 48w\" sizes=\"auto, (max-width: 477px) 100vw, 477px\" \/><\/figure><\/div>\n\n\n\n<p>Cria\u00e7\u00e3o e interpreta\u00e7\u00e3o IRENE DE\nPAZ | Olhar externo e coreografia LUCIO BAGLIVO | Figurino JUAN PROHIBIDO E\nIRENE DE PAZ | Cenografia MANUEL FENOY | Agradecimentos LEANDRE RIBERA, NOELIA\nROSA E MICHELLE MANN<\/p>\n\n\n\n<p><a href=\"https:\/\/irenedepaz.wixsite.com\/irenedepaz\/la-madeja\" target=\"_blank\" rel=\"noreferrer noopener\" aria-label=\"Website (abre num novo separador)\">w<\/a><a rel=\"noreferrer noopener\" aria-label=\"Website (abre num novo separador)\" href=\"https:\/\/irenedepaz.wixsite.com\/irenedepaz\/la-madeja\" target=\"_blank\">ebsite<\/a> <\/p>\n\n\n\n<hr class=\"wp-block-separator\"\/>\n\n\n\n<p><strong>POUR LE\nMEILLEUR ET LE POUR LE PIRE*<\/strong><\/p>\n\n\n\n<p>Cirque A\u00eftal [FR]<\/p>\n\n\n\n<p>Qua 30.06 19h30 | 60\u2019 | M6| Teatro Rivoli<\/p>\n\n\n\n<p>+ Transmiss\u00e3o on line das 17h de 2.07 at\u00e9 \u00e0s 23h59 de 3.07<\/p>\n\n\n\n<div class=\"wp-block-image\"><figure class=\"alignleft size-medium\"><img loading=\"lazy\" decoding=\"async\" width=\"205\" height=\"300\" src=\"http:\/\/www.ervadaninha.pt\/trengo.pt\/wp-content\/uploads\/2021\/06\/cirque_aital_pour_le_meilleur_et_pour_le_pire_img5e1dc0124d7a1-205x300.png\" alt=\"\" class=\"wp-image-1524\" srcset=\"https:\/\/www.ervadaninha.pt\/trengo.pt\/wp-content\/uploads\/2021\/06\/cirque_aital_pour_le_meilleur_et_pour_le_pire_img5e1dc0124d7a1-205x300.png 205w, https:\/\/www.ervadaninha.pt\/trengo.pt\/wp-content\/uploads\/2021\/06\/cirque_aital_pour_le_meilleur_et_pour_le_pire_img5e1dc0124d7a1-16x24.png 16w, https:\/\/www.ervadaninha.pt\/trengo.pt\/wp-content\/uploads\/2021\/06\/cirque_aital_pour_le_meilleur_et_pour_le_pire_img5e1dc0124d7a1-25x36.png 25w, https:\/\/www.ervadaninha.pt\/trengo.pt\/wp-content\/uploads\/2021\/06\/cirque_aital_pour_le_meilleur_et_pour_le_pire_img5e1dc0124d7a1-33x48.png 33w, https:\/\/www.ervadaninha.pt\/trengo.pt\/wp-content\/uploads\/2021\/06\/cirque_aital_pour_le_meilleur_et_pour_le_pire_img5e1dc0124d7a1.png 476w\" sizes=\"auto, (max-width: 205px) 100vw, 205px\" \/><\/figure><\/div>\n\n\n\n<p>Fugindo da ribalta e atuando na\nterra, o Circo A\u00eftal \u00e9 um casal: Victor e Kati. Deitados no ch\u00e3o, berrando e\ngritando pela vida, fundem-se com os ritmos e a poeira, respirando gasolina,\nentre os c\u00e3es, passando do riso \u00e0s l\u00e1grimas, encontrando a morte, sempre na\nestrada, dentro do carro, tristes, contentes\u2026 Pour le meilleur et pour le pire\n(Na Alegria e na Tristeza) conta a hist\u00f3ria de dois artistas mergulhados em\npoesia, rock \u2018n\u2019 roll e humor. \u00c9 sobre a vida de casal e p\u00f5e a nu o estilo de vida\ndo circo. O r\u00e1dio do carro est\u00e1 ligado enquanto eles partilham a sua intimidade\ne a sua rela\u00e7\u00e3o extraordin\u00e1ria com o p\u00fablico. Executando acrobacias\nsurpreendentes corpo a corpo, jogos de \u00cdcaro, proezas a\u00e9reas, n\u00fameros de\nequilibrismo e por a\u00ed fora, Victor e Kati, juntos em palco, apresentam a sua\npr\u00f3pria vis\u00e3o sobre o circo. Pour le meilleur et pour le pire \u00e9 um espet\u00e1culo\nde circo forte e envolvente, que promete atacar o melhor e o pior da natureza\nhumana.<\/p>\n\n\n\n<p>Conce\u00e7\u00e3o e interpreta\u00e7\u00e3o KATI\nPIKKARAINEN &amp; VICTOR CATHALA| Apoio art\u00edstico MICHEL CERDA | M\u00fasica HELMUT\nN\u00dcNNING | Desenho de luz PATRICK CATHALA | Figurinos ODILE HAUTEMULLE|\nCenografia e constru\u00e7\u00e3o ALEXANDER B\u00dcGEL | Assessoria de circo JANI NUUTINEN |\nSom e eletr\u00f3nica ANDREAS NERESHEIMER | Digress\u00e3o B\u00c9RANG\u00c8RE GROS<\/p>\n\n\n\n<p>*espet\u00e1culo pago, mais info e bilhetes: <a rel=\"noreferrer noopener\" aria-label=\" (abre num novo separador)\" href=\"https:\/\/www.teatromunicipaldoporto.pt\/pt\/calendario\/cirque-aital-pour-le-meilleur-et-pour-le-pire\/?ano=2021&amp;mes=6&amp;dia=30\" target=\"_blank\">link<\/a><\/p>\n\n\n\n<hr class=\"wp-block-separator\"\/>\n\n\n\n<p><strong>O2 <\/strong><\/p>\n\n\n\n<p>PIA [PT]<\/p>\n\n\n\n<p>Qui 1.07 18h30 | Sex 2.07 19h15 | 50\u2019 | M3| Parque do Covelo<\/p>\n\n\n\n<p>Num futuro fr\u00e1gil e incerto, emerge um Mundo entorpecido pela desenfreada moderniza\u00e7\u00e3o, suspenso pelas poucas mem\u00f3rias que ainda ecoam em corpos resilientes na procura incessante do elemento vital que lhes suporta a Vida.<\/p>\n\n\n\n<div class=\"wp-block-image\"><figure class=\"aligncenter size-large is-resized\"><img loading=\"lazy\" decoding=\"async\" src=\"http:\/\/www.ervadaninha.pt\/trengo.pt\/wp-content\/uploads\/2021\/06\/NBB19\u0435\u0308Lino_Silva-4749-1024x683.jpg\" alt=\"\" class=\"wp-image-1526\" width=\"427\" height=\"284\" srcset=\"https:\/\/www.ervadaninha.pt\/trengo.pt\/wp-content\/uploads\/2021\/06\/NBB19\u0435\u0308Lino_Silva-4749-1024x683.jpg 1024w, https:\/\/www.ervadaninha.pt\/trengo.pt\/wp-content\/uploads\/2021\/06\/NBB19\u0435\u0308Lino_Silva-4749-300x200.jpg 300w, https:\/\/www.ervadaninha.pt\/trengo.pt\/wp-content\/uploads\/2021\/06\/NBB19\u0435\u0308Lino_Silva-4749-768x512.jpg 768w, https:\/\/www.ervadaninha.pt\/trengo.pt\/wp-content\/uploads\/2021\/06\/NBB19\u0435\u0308Lino_Silva-4749-1536x1024.jpg 1536w, https:\/\/www.ervadaninha.pt\/trengo.pt\/wp-content\/uploads\/2021\/06\/NBB19\u0435\u0308Lino_Silva-4749-24x16.jpg 24w, https:\/\/www.ervadaninha.pt\/trengo.pt\/wp-content\/uploads\/2021\/06\/NBB19\u0435\u0308Lino_Silva-4749-36x24.jpg 36w, https:\/\/www.ervadaninha.pt\/trengo.pt\/wp-content\/uploads\/2021\/06\/NBB19\u0435\u0308Lino_Silva-4749-48x32.jpg 48w, https:\/\/www.ervadaninha.pt\/trengo.pt\/wp-content\/uploads\/2021\/06\/NBB19\u0435\u0308Lino_Silva-4749.jpg 2048w\" sizes=\"auto, (max-width: 427px) 100vw, 427px\" \/><figcaption>\u00a9Lino Silva<\/figcaption><\/figure><\/div>\n\n\n\n<p>autoria, encena\u00e7\u00e3o, dire\u00e7\u00e3o art\u00edstica e pl\u00e1stica PEDRO LEAL | dire\u00e7\u00e3o de produ\u00e7\u00e3o e audiovisuais HELENA OLIVEIRA | formas Animadas e conce\u00e7\u00e3o pl\u00e1stica PEDRO LEAL | sonoplastia, equipa t\u00e9cnica e constru\u00e7\u00e3o \u00c1LVARO PRESUMIDO | performers ANA ANDRADE, HELENA OLIVEIRA, MANUEL AMARELO, MAFALDA CABRAL, SARA ARA\u00daJO, TIAGO AUGUSTO | produ\u00e7\u00e3o PIA &#8211; PROJECTOS DE INTERVEN\u00c7\u00c3O ART\u00cdSTICA CRL | colaboradores em Macau TRISTA CHEONG, LONG FUNG | apoio \u00e0 cria\u00e7\u00e3o Macau INSTITUTO CULTURAL DE MACAU, FUNDA\u00c7\u00c3O DE MACAU E FUNDA\u00c7\u00c3O ORIENTE | apoio \u00e0 cria\u00e7\u00e3o FUNDA\u00c7\u00c3O GDA <\/p>\n\n\n\n<p><a href=\"http:\/\/www.piacrl.com\/O2_OXYGEN.html\" target=\"_blank\" rel=\"noreferrer noopener\" aria-label=\"website (abre num novo separador)\">website<\/a>  <\/p>\n\n\n\n<hr class=\"wp-block-separator\"\/>\n\n\n\n<p><strong>L\u2019AUTRE<\/strong><\/p>\n\n\n\n<p>Compagnie O \u00daltimo Momento [PT\/FR]<\/p>\n\n\n\n<p>Qui 1.07 19h30 | Sex 2.07 18h30 | 30\u2019 | M3| Parque Covelo<\/p>\n\n\n\n<div class=\"wp-block-image\"><figure class=\"alignright size-full is-resized\"><img loading=\"lazy\" decoding=\"async\" src=\"http:\/\/www.ervadaninha.pt\/trengo.pt\/wp-content\/uploads\/2021\/06\/LAutre-2.jpg\" alt=\"\" class=\"wp-image-1527\" width=\"423\" height=\"564\" srcset=\"https:\/\/www.ervadaninha.pt\/trengo.pt\/wp-content\/uploads\/2021\/06\/LAutre-2.jpg 720w, https:\/\/www.ervadaninha.pt\/trengo.pt\/wp-content\/uploads\/2021\/06\/LAutre-2-225x300.jpg 225w, https:\/\/www.ervadaninha.pt\/trengo.pt\/wp-content\/uploads\/2021\/06\/LAutre-2-18x24.jpg 18w, https:\/\/www.ervadaninha.pt\/trengo.pt\/wp-content\/uploads\/2021\/06\/LAutre-2-27x36.jpg 27w, https:\/\/www.ervadaninha.pt\/trengo.pt\/wp-content\/uploads\/2021\/06\/LAutre-2-36x48.jpg 36w\" sizes=\"auto, (max-width: 423px) 100vw, 423px\" \/><\/figure><\/div>\n\n\n\n<p>Jo\u00e3o Paulo Santos e o bailarino de hip-hop Iliass Mjouti encontram-se em carta branca no Atelier du Plateau, em Paris, em outubro de 2019. N\u00e3o se escolheram, mas a sorte uniu-os num palco, e eles s\u00e3o trazidos para criar juntos. A evid\u00eancia est\u00e1 a\u00ed. As corporeidades ecoam e Jo\u00e3o Paulo Santos decide levar mais longe este encontro. Convida Iliass Mjouti a criarem juntos um duo, uma pequena forma, concebida na espontaneidade e com a energia de seu encontro. Uma forma crua e minimalista, que ir\u00e1 destacar o movimento, t\u00e3o diferente e ainda assim ecoante, dos dois int\u00e9rpretes.<\/p>\n\n\n\n<p>A movimenta\u00e7\u00e3o muito suspensa e\ntravada de Jo\u00e3o Paulo Santos no mastro chin\u00eas e o trabalho de hip-hop de Iliass\nMjouti permitem que o minimalismo seja trabalhado com requinte e uma certa\nqualidade de movimento. O trabalho coreogr\u00e1fico preocupa-se com a rela\u00e7\u00e3o\ngrande \/ pequeno, tanto com os planos horizontais como verticais. O olhar do\nobservador \u00e9 ent\u00e3o focado e ajustado para perceber o infinitamente pequeno como\numa imagem de longe. O desdobramento desse di\u00e1logo em movimento traz a rela\u00e7\u00e3o\npara o primeiro plano, e n\u00e3o cada um dos dois performers. O Outro abre o espa\u00e7o\ndo meio.<\/p>\n\n\n\n<p>ideia JO\u00c3O PAULO SANTOS | cria\u00e7\u00e3o\ne interpreta\u00e7\u00e3o JO\u00c3O PAULO SANTOS e ILIASS MJOUTI | composi\u00e7\u00e3o musical MAREK\nHUNHAP | olhar exterior ELSA CAILLAT <\/p>\n\n\n\n<p><a href=\"http:\/\/www.oultimomomento.com\/content\/index.php?page=l-autre---2020\" target=\"_blank\" rel=\"noreferrer noopener\" aria-label=\"website (abre num novo separador)\">website<\/a> <\/p>\n\n\n\n<hr class=\"wp-block-separator\"\/>\n\n\n\n<p><strong>OTUS\nEXTRACTS<\/strong><\/p>\n\n\n\n<p>Cia Oliveira &amp; Bachtler [PT\/US\/UK]<\/p>\n\n\n\n<p>s\u00e1b 3.07 | 11h + 15h | 40\u2019 | M3 | Parque Covelo <\/p>\n\n\n\n<div class=\"wp-block-image\"><figure class=\"alignleft size-large is-resized\"><img loading=\"lazy\" decoding=\"async\" src=\"http:\/\/www.ervadaninha.pt\/trengo.pt\/wp-content\/uploads\/2021\/06\/Otus-682x1024.jpg\" alt=\"\" class=\"wp-image-1528\" width=\"256\" height=\"383\" srcset=\"https:\/\/www.ervadaninha.pt\/trengo.pt\/wp-content\/uploads\/2021\/06\/Otus-682x1024.jpg 682w, https:\/\/www.ervadaninha.pt\/trengo.pt\/wp-content\/uploads\/2021\/06\/Otus-200x300.jpg 200w, https:\/\/www.ervadaninha.pt\/trengo.pt\/wp-content\/uploads\/2021\/06\/Otus-768x1152.jpg 768w, https:\/\/www.ervadaninha.pt\/trengo.pt\/wp-content\/uploads\/2021\/06\/Otus-1024x1536.jpg 1024w, https:\/\/www.ervadaninha.pt\/trengo.pt\/wp-content\/uploads\/2021\/06\/Otus-16x24.jpg 16w, https:\/\/www.ervadaninha.pt\/trengo.pt\/wp-content\/uploads\/2021\/06\/Otus-24x36.jpg 24w, https:\/\/www.ervadaninha.pt\/trengo.pt\/wp-content\/uploads\/2021\/06\/Otus-32x48.jpg 32w, https:\/\/www.ervadaninha.pt\/trengo.pt\/wp-content\/uploads\/2021\/06\/Otus.jpg 1333w\" sizes=\"auto, (max-width: 256px) 100vw, 256px\" \/><figcaption>\u00a9ASHLEIGH GEORGIOU<\/figcaption><\/figure><\/div>\n\n\n\n<p>Dois seres que habitam um mundo\nabstrato, Otus est\u00e1 enraizado na natureza humana. Aqui est\u00e1 uma perspetiva\n\u00fanica, um vislumbre nas suas vidas, motiva\u00e7\u00f5es, relacionamentos e h\u00e1bitos.&nbsp; Utilizando t\u00e9cnicas de circo, teatro f\u00edsico,\nmovimento, palha\u00e7o e cenografia, Otus explora a tens\u00e3o, o espa\u00e7o entre os\nobjetos e o mundo de madeira em que residem. Com prec\u00e1rias de t\u00e1buas de madeira\nempilhadas, uma corda, uma mesa e um trap\u00e9zio, o seu territ\u00f3rio particular est\u00e1\nestabelecido. Imerso nas suas pr\u00f3prias subtilezas e representado por\nacrobacias, malabarismos, cordas, trap\u00e9zios e manipula\u00e7\u00e3o de bast\u00e3o,\ndesdobra-se o seu mundo.<\/p>\n\n\n\n<p>conceito, dire\u00e7\u00e3o e performance\nHUGO OLIVEIRA, SAGE BACHTLER CUSHMAN | dramaturgia HUGO OLIVEIRA, SAGE BACHTLER\nCUSHMAN, LUCIANO AMARELO | olhar externo e apoio art\u00edstico LUCIANO AMARELO |\ncenografia HUGO OLIVEIRA, SAGE BACHTLER CUSHMAN, BRUNO NETO | desenho de Luz\nHUGO OLIVEIRA, SAGE BACHTLER CUSHMAN, SERGIO VILELA | figurinos CAROLINA SOUSA,\nTHOMAS BENJAMIN | fotografia ASHLEIGH GEORGIOU e JP MARTINS | produ\u00e7\u00e3o CAROLE\nBLADE, RODRIGO MATOS | co-produ\u00e7\u00e3o COREO CYMRU &amp; CHAPTER, ARTS COUNCIL OF\nENGLAND, COMPANY OLIVEIRA &amp; BACHTLER | apoio \u00e0 resid\u00eancia CACE CULTURAL DO\nPORTO, COMPANHIA UMPOR1, TEATRO MUNICIPAL DE VILA DO CONDE, THE BLACK-E, WALES\nMILLENIUM CENTRE | agradecimento CORDA BAMBA, CIRCOLANDO, LUCIANO AMARELO,\nCOMPANHIA UMPOR1, LAGO DISCOUNT, FESTIVAL CATA-VENTO | apoio Coreogr\u00e1fico\nCYMRU, ARTS COUNCIL OF WALES, CHAPTER, ARTS COUNCIL OF ENGLAND, NOFIT STATE\nCIRCUS, WALES MILLENNIUM CENTRE, THE BLACK E, CACE CULTURAL DO PORTO <\/p>\n\n\n\n<p><a rel=\"noreferrer noopener\" aria-label=\"website (abre num novo separador)\" href=\"https:\/\/www.oliveira-bachtler.com\/primavera-verao\" target=\"_blank\">website<\/a> <\/p>\n\n\n\n<hr class=\"wp-block-separator\"\/>\n\n\n\n<p><strong>ESPERA <\/strong><\/p>\n\n\n\n<p>EIA [ES]<\/p>\n\n\n\n<p>S\u00e1b 3.07 | 12h + 16h | 45\u2019 | M3 | Parque Covelo<\/p>\n\n\n\n<div class=\"wp-block-image\"><figure class=\"alignright size-large is-resized\"><img loading=\"lazy\" decoding=\"async\" src=\"http:\/\/www.ervadaninha.pt\/trengo.pt\/wp-content\/uploads\/2021\/06\/Santiago-total-683x1024.jpg\" alt=\"\" class=\"wp-image-1529\" width=\"232\" height=\"348\" srcset=\"https:\/\/www.ervadaninha.pt\/trengo.pt\/wp-content\/uploads\/2021\/06\/Santiago-total-683x1024.jpg 683w, https:\/\/www.ervadaninha.pt\/trengo.pt\/wp-content\/uploads\/2021\/06\/Santiago-total-200x300.jpg 200w, https:\/\/www.ervadaninha.pt\/trengo.pt\/wp-content\/uploads\/2021\/06\/Santiago-total-768x1152.jpg 768w, https:\/\/www.ervadaninha.pt\/trengo.pt\/wp-content\/uploads\/2021\/06\/Santiago-total-1024x1536.jpg 1024w, https:\/\/www.ervadaninha.pt\/trengo.pt\/wp-content\/uploads\/2021\/06\/Santiago-total-1365x2048.jpg 1365w, https:\/\/www.ervadaninha.pt\/trengo.pt\/wp-content\/uploads\/2021\/06\/Santiago-total-16x24.jpg 16w, https:\/\/www.ervadaninha.pt\/trengo.pt\/wp-content\/uploads\/2021\/06\/Santiago-total-24x36.jpg 24w, https:\/\/www.ervadaninha.pt\/trengo.pt\/wp-content\/uploads\/2021\/06\/Santiago-total-32x48.jpg 32w, https:\/\/www.ervadaninha.pt\/trengo.pt\/wp-content\/uploads\/2021\/06\/Santiago-total-scaled.jpg 1707w\" sizes=\"auto, (max-width: 232px) 100vw, 232px\" \/><\/figure><\/div>\n\n\n\n<p>Quando a fronteira entre o palco e o p\u00fablico desaparece, o espet\u00e1culo torna-se uma ocasi\u00e3o para compartilhar uma experi\u00eancia coletiva, onde nos olhamos com estranhos e nos ouvimos com os corpos. Espera \u00e9 um espet\u00e1culo circense participativo onde o p\u00fablico \u00e9 convidado, de uma forma sens\u00edvel e muito sutil, para experimentar as acrobacias que ocorrem no palco de perto. Numa atmosfera que nos transporta para um lugar fora do tempo, feito de gestos simples, os acrobatas tornam-se artes\u00e3os de movimento e aparecem paisagens perdidas, cheias de gestos humanos e encontros sinceros.<\/p>\n\n\n\n<p>ideia original e dire\u00e7\u00e3o FRANCESCA LISSIA e CELSO PEREIRA |\nint\u00e9rpretes CELSO PEREIRA e FRANCESCA LISSIA | produ\u00e7\u00e3o CELSO PEREIRA,\nFRANCESCA LISSIA, COMPA\u00d1IA DE CIRCO EIA | m\u00fasica | MICAH PAUL HINSON, KEPA\nJUNQUERA, CHANGO SPASIUK, SONDESEU | aconselhamento CRISTIANO DELLA MONICA |\ncolabora\u00e7\u00f5es art\u00edsticas JUANA BELTRAN, JOSE LUIS REDONDO, JOHN PAUL ZACCARINI,\nIVAR HECKSHER, INGRID ESPERANZA, STUDIUM CANTICUM, MANU VISION BARCELONA,\nFEDERICO CARTA | cenografia CELSO PEREIRA, FRANCESCA LISSIA, CAMPANACCI DITTA\nSULIS, JULIO PEREIRA, Con los consejos de SLOW FUSTA AND CARPINTERIA,\nRESTAURACI\u00d3N PEIMAR | figurinos OLGA ARIZAGA, FABRIZIO GIANNINI<\/p>\n\n\n\n<p><a rel=\"noreferrer noopener\" aria-label=\"website (abre num novo separador)\" href=\"https:\/\/www.circoeia.com\/espera\/\" target=\"_blank\">website<\/a>  <\/p>\n\n\n\n<hr class=\"wp-block-separator\"\/>\n\n\n\n<p><strong>VINIL<\/strong><\/p>\n\n\n\n<p>Quando Sais \u00e0 rua [PT]     <strong>estreia<\/strong><\/p>\n\n\n\n<p>S\u00e1b 3.07 + Dom 4.07 | 17h | 35\u2019| M3 | Parque do Covelo<\/p>\n\n\n\n<div class=\"wp-block-image\"><figure class=\"alignleft size-large is-resized\"><img loading=\"lazy\" decoding=\"async\" src=\"http:\/\/www.ervadaninha.pt\/trengo.pt\/wp-content\/uploads\/2021\/06\/Imagem-VINIL-Beta.jpeg\" alt=\"\" class=\"wp-image-1556\" width=\"318\" height=\"238\" srcset=\"https:\/\/www.ervadaninha.pt\/trengo.pt\/wp-content\/uploads\/2021\/06\/Imagem-VINIL-Beta.jpeg 800w, https:\/\/www.ervadaninha.pt\/trengo.pt\/wp-content\/uploads\/2021\/06\/Imagem-VINIL-Beta-300x225.jpeg 300w, https:\/\/www.ervadaninha.pt\/trengo.pt\/wp-content\/uploads\/2021\/06\/Imagem-VINIL-Beta-768x576.jpeg 768w, https:\/\/www.ervadaninha.pt\/trengo.pt\/wp-content\/uploads\/2021\/06\/Imagem-VINIL-Beta-24x18.jpeg 24w, https:\/\/www.ervadaninha.pt\/trengo.pt\/wp-content\/uploads\/2021\/06\/Imagem-VINIL-Beta-36x27.jpeg 36w, https:\/\/www.ervadaninha.pt\/trengo.pt\/wp-content\/uploads\/2021\/06\/Imagem-VINIL-Beta-48x36.jpeg 48w\" sizes=\"auto, (max-width: 318px) 100vw, 318px\" \/><\/figure><\/div>\n\n\n\n<p>Rota\u00e7\u00f5es, c\u00edrculos, ora 78 ora 45, passou e n\u00e3o volta, ora no ar ora no corpo. Uma equidist\u00e2ncia bidimensional for\u00e7ada pela vontade de querer insistir no erro, tal como um disco riscado, erro esse que muitas vezes nos catapulta para o sucesso inesperado. A investiga\u00e7\u00e3o alia-se \u00e0 t\u00e9cnica e a m\u00fasica segue, em ranhuras e fendas orquestradas, sobre a agulha que nos leva a norte, guiando-nos para a perce\u00e7\u00e3o do que julgamos ser o amanh\u00e3 mas que, muito provavelmente, com uma incerteza exasperada, talvez j\u00e1 tenha sido o ontem.<\/p>\n\n\n\n<p>Cria\u00e7\u00e3o, interpreta\u00e7\u00e3o e composi\u00e7\u00e3o sonora DAVID VALENTE | cenografia C\u00c9SAR ESTRELA | figurino ODETE SOUSA | dire\u00e7\u00e3o t\u00e9cnica e som GON\u00c7ALO GARCIA | produ\u00e7\u00e3o executiva DAVID CALHAU | design e comunica\u00e7\u00e3o SUSANA LAGE | consultoria art\u00edstica VASCO GOMES, JOS\u00c9 PEREIRA, HUGO OLIVEIRA<\/p>\n\n\n\n<hr class=\"wp-block-separator\"\/>\n\n\n\n<p><strong>DISTANS<\/strong><\/p>\n\n\n\n<p>Vol\u2019e Temps [ES]<\/p>\n\n\n\n<p>Dom 4.07 | 11h + 16h | 50\u2019 |M3| Parque Covelo<\/p>\n\n\n\n<p>Um pacto, um c\u00f3digo secreto, uma c\u00e1psula do tempo, uma promessa &#8230; 20 anos no mesmo lugar ao mesmo tempo. A velha casa na \u00e1rvore onde dois amigos compartilharam suas tardes de lazer entre jogos, risos, fantasias e cumplicidades. O tempo passa e a dist\u00e2ncia \u00e9 inevit\u00e1vel, mas n\u00e3o precisa presumir ele se esqueceu. Como dizia a m\u00fasica, 20 anos n\u00e3o \u00e9 nada &#8230; E duas personagens que encontraram uma maneira de ficar juntos na dist\u00e2ncia, mesmo que a vida os leve por caminhos diferentes. DistanS fala sobre amizade: as mem\u00f3rias que ainda est\u00e3o vivas nos nossos cora\u00e7\u00f5es apesar dos anos. Fala da fragilidade do ser humano, de uma rutura, solid\u00e3o e amor capaz de regenerar e reconstruir nossos relacionamentos com os outros. Uma viagem pelas emo\u00e7\u00f5es num espa\u00e7o visual e sonoro que envolve as cenas de circo acrob\u00e1tico e teatro gestual que comp\u00f5em um espet\u00e1culo org\u00e2nico, sens\u00edvel e divertido. Com este espet\u00e1culo, a companhia investiga as emo\u00e7\u00f5es que s\u00e3o capazes de gerar o risco das disciplinas circenses e da performance teatral. Posturas acrob\u00e1ticas, acrobacias din\u00e2micas, corda bamba, malabarismo musical, m\u00fasica ao vivo, barra alta, pastel\u00e3o, teatro gestual, s\u00e3o as ferramentas que suportam a dramaturgia e comp\u00f5em uma hist\u00f3ria pr\u00f3xima e emocionante capaz de mover todos os p\u00fablicos e transmitir os valores necess\u00e1rios para uma sociedade atual.<\/p>\n\n\n\n<div class=\"wp-block-image\"><figure class=\"aligncenter size-large is-resized\"><img loading=\"lazy\" decoding=\"async\" src=\"http:\/\/www.ervadaninha.pt\/trengo.pt\/wp-content\/uploads\/2021\/06\/distans-1024x683.jpg\" alt=\"\" class=\"wp-image-1530\" width=\"444\" height=\"295\" srcset=\"https:\/\/www.ervadaninha.pt\/trengo.pt\/wp-content\/uploads\/2021\/06\/distans-1024x683.jpg 1024w, https:\/\/www.ervadaninha.pt\/trengo.pt\/wp-content\/uploads\/2021\/06\/distans-300x200.jpg 300w, https:\/\/www.ervadaninha.pt\/trengo.pt\/wp-content\/uploads\/2021\/06\/distans-768x512.jpg 768w, https:\/\/www.ervadaninha.pt\/trengo.pt\/wp-content\/uploads\/2021\/06\/distans-1536x1024.jpg 1536w, https:\/\/www.ervadaninha.pt\/trengo.pt\/wp-content\/uploads\/2021\/06\/distans-2048x1365.jpg 2048w, https:\/\/www.ervadaninha.pt\/trengo.pt\/wp-content\/uploads\/2021\/06\/distans-24x16.jpg 24w, https:\/\/www.ervadaninha.pt\/trengo.pt\/wp-content\/uploads\/2021\/06\/distans-36x24.jpg 36w, https:\/\/www.ervadaninha.pt\/trengo.pt\/wp-content\/uploads\/2021\/06\/distans-48x32.jpg 48w\" sizes=\"auto, (max-width: 444px) 100vw, 444px\" \/><\/figure><\/div>\n\n\n\n<p>dire\u00e7\u00e3o art\u00edstica e dramaturgia LAPSO PRODUCCIONES | int\u00e9rpretes SARA ORTIZ, ALBERT MONCUNILL FERRER | produ\u00e7\u00e3o executiva e cria\u00e7\u00e3o coreogr\u00e1fica circense C\u00cdA VOL\u2019E TEMPS | dire\u00e7\u00e3o musical LAPSO PRODUCCIONES | musica original DANIEL MALDONADO \u201cSAM\u201d | cenografia CARLOS MONZ\u00d3N | desenhos figurinos SARAY ANGULO | execu\u00e7\u00e3o figurinos ENGATOSARTE VESTUARIO TEATRAL (ANGIE PAZ) | desenho de luz OSKAR VIZCAINO RIOS | video LAURA DAFNE | fotografia PERIKO NIKOLAS | desenho gr\u00e1fico QUARTADA ESTUDI<\/p>\n\n\n\n<p><a rel=\"noreferrer noopener\" aria-label=\"website (abre num novo separador)\" href=\"http:\/\/voletemps.com\/distans\/\" target=\"_blank\">website<\/a><\/p>\n\n\n\n<hr class=\"wp-block-separator\"\/>\n\n\n\n<p><strong>S\u00d3<\/strong><\/p>\n\n\n\n<p>Xampatito Pato [ES]<\/p>\n\n\n\n<p>Dom 4.07 | 12h + 15h | 40min | M3 |Parque Covelo<\/p>\n\n\n\n<div class=\"wp-block-image\"><figure class=\"alignleft size-large is-resized\"><img loading=\"lazy\" decoding=\"async\" src=\"http:\/\/www.ervadaninha.pt\/trengo.pt\/wp-content\/uploads\/2021\/06\/20200721_MIT_20_05-683x1024.jpg\" alt=\"\" class=\"wp-image-1531\" width=\"219\" height=\"327\" srcset=\"https:\/\/www.ervadaninha.pt\/trengo.pt\/wp-content\/uploads\/2021\/06\/20200721_MIT_20_05-683x1024.jpg 683w, https:\/\/www.ervadaninha.pt\/trengo.pt\/wp-content\/uploads\/2021\/06\/20200721_MIT_20_05-200x300.jpg 200w, https:\/\/www.ervadaninha.pt\/trengo.pt\/wp-content\/uploads\/2021\/06\/20200721_MIT_20_05-16x24.jpg 16w, https:\/\/www.ervadaninha.pt\/trengo.pt\/wp-content\/uploads\/2021\/06\/20200721_MIT_20_05-24x36.jpg 24w, https:\/\/www.ervadaninha.pt\/trengo.pt\/wp-content\/uploads\/2021\/06\/20200721_MIT_20_05-32x48.jpg 32w\" sizes=\"auto, (max-width: 219px) 100vw, 219px\" \/><\/figure><\/div>\n\n\n\n<p>Personagem obsessiva,\nquadriculada e meticulosa. Um ser \u00fanico cercado por intermin\u00e1veis caixas que\nest\u00e3o al\u00e9m do seu controle e com as quais ele joga para moldar o seu mundo.\nFora do caos surge um universo delirante onde ele inventa o riso, criando uma\nloucura c\u00f4mica e se transformando em um novo ser com uma nova figura.<\/p>\n\n\n\n<p>interpreta\u00e7\u00e3o JES\u00daS VELASCO OTERO | Dire\u00e7\u00e3o ARTURO COBAS, JES\u00daS VELASCO | Figurinos ALICIA TOJO | cenografia CRUZ VELASCO PAJARES, JES\u00daS VELASCO | fotografia LETICIA MARI\u00d1O V\u00c1ZQUEZ | desenho de luz FLAVIA MAYANS DE LA MORENA | desenho gr\u00e1fico BRER BALLESTEROS | grava\u00e7\u00e3o e edi\u00e7\u00e3o de v\u00eddeo MALALA RICOY <\/p>\n\n\n\n<p><a rel=\"noreferrer noopener\" aria-label=\"website (abre num novo separador)\" href=\"https:\/\/xampito.wixsite.com\/xampatitopato\/so\" target=\"_blank\">website<\/a> <\/p>\n","protected":false},"excerpt":{"rendered":"<p>RECANTOS Produ\u00e7\u00e3o Trengo [PT\/CL\/CV] estreia Seg 28.06 19h |Ter 29.06 19h15 | 35\u2019 | M3 | Parque Covelo Cria\u00e7\u00e3o com artistas de circo da regi\u00e3o. Uma revisita\u00e7\u00e3o do espa\u00e7o e das suas paisagens buscando uma nova interpreta\u00e7\u00e3o dos elementos presentes no espa\u00e7o. Lugares ic\u00f3nicos e momentos virtuosistas. Uma fus\u00e3o entre a arquitetura do espa\u00e7o, a [&hellip;]<\/p>\n","protected":false},"author":1,"featured_media":0,"parent":0,"menu_order":0,"comment_status":"closed","ping_status":"closed","template":"fullwidth-page.php","meta":{"__cvm_playback_settings":[],"__cvm_video_id":"","jetpack_post_was_ever_published":false,"footnotes":""},"tags":[],"class_list":["post-1552","page","type-page","status-publish","hentry"],"jetpack_sharing_enabled":false,"jetpack_shortlink":"https:\/\/wp.me\/P9YCMM-p2","_links":{"self":[{"href":"https:\/\/www.ervadaninha.pt\/trengo.pt\/wp-json\/wp\/v2\/pages\/1552","targetHints":{"allow":["GET"]}}],"collection":[{"href":"https:\/\/www.ervadaninha.pt\/trengo.pt\/wp-json\/wp\/v2\/pages"}],"about":[{"href":"https:\/\/www.ervadaninha.pt\/trengo.pt\/wp-json\/wp\/v2\/types\/page"}],"author":[{"embeddable":true,"href":"https:\/\/www.ervadaninha.pt\/trengo.pt\/wp-json\/wp\/v2\/users\/1"}],"replies":[{"embeddable":true,"href":"https:\/\/www.ervadaninha.pt\/trengo.pt\/wp-json\/wp\/v2\/comments?post=1552"}],"version-history":[{"count":20,"href":"https:\/\/www.ervadaninha.pt\/trengo.pt\/wp-json\/wp\/v2\/pages\/1552\/revisions"}],"predecessor-version":[{"id":1599,"href":"https:\/\/www.ervadaninha.pt\/trengo.pt\/wp-json\/wp\/v2\/pages\/1552\/revisions\/1599"}],"wp:attachment":[{"href":"https:\/\/www.ervadaninha.pt\/trengo.pt\/wp-json\/wp\/v2\/media?parent=1552"}],"wp:term":[{"taxonomy":"post_tag","embeddable":true,"href":"https:\/\/www.ervadaninha.pt\/trengo.pt\/wp-json\/wp\/v2\/tags?post=1552"}],"curies":[{"name":"wp","href":"https:\/\/api.w.org\/{rel}","templated":true}]}}